{"id":231,"date":"2021-06-06T17:52:13","date_gmt":"2021-06-06T16:52:13","guid":{"rendered":"https:\/\/vital-training-maske.de\/?page_id=231"},"modified":"2021-06-06T17:52:13","modified_gmt":"2021-06-06T16:52:13","slug":"datenschutz","status":"publish","type":"page","link":"https:\/\/vital-training-maske.de\/index.php\/datenschutz\/","title":{"rendered":"Datenschutz"},"content":{"rendered":"<p>[et_pb_section fb_built=&#8220;1&#8243; _builder_version=&#8220;4.9.4&#8243; _module_preset=&#8220;default&#8220;][et_pb_row _builder_version=&#8220;4.9.4&#8243; _module_preset=&#8220;default&#8220;][et_pb_column _builder_version=&#8220;4.9.4&#8243; _module_preset=&#8220;default&#8220; type=&#8220;4_4&#8243;][et_pb_text _builder_version=&#8220;4.9.4&#8243; _module_preset=&#8220;default&#8220; hover_enabled=&#8220;0&#8243; sticky_enabled=&#8220;0&#8243; header_text_color=&#8220;#89B31C&#8220;]<\/p>\n<h1 style=\"text-align: center;\">Datenschutz<\/h1>\n<p>[\/et_pb_text][\/et_pb_column][\/et_pb_row][et_pb_row _builder_version=&#8220;4.9.4&#8243; _module_preset=&#8220;default&#8220;][et_pb_column _builder_version=&#8220;4.9.4&#8243; _module_preset=&#8220;default&#8220; type=&#8220;4_4&#8243;][et_pb_text _builder_version=&#8220;4.9.4&#8243; _module_preset=&#8220;default&#8220; hover_enabled=&#8220;0&#8243; sticky_enabled=&#8220;0&#8243;]<\/p>\n<div id=\"datenschutz\" class=\"et_pb_module et_pb_text et_pb_text_18  et_pb_text_align_left et_pb_bg_layout_light\">\n<div class=\"et_pb_text_inner\">\n<h1><strong style=\"font-size: 16px;\">Datenschutzerkl\u00e4rung<\/strong><\/h1>\n<\/div>\n<\/div>\n<div class=\"et_pb_module et_pb_text et_pb_text_19  et_pb_text_align_left et_pb_bg_layout_light\">\n<div class=\"et_pb_text_inner\">\n<p>Wir freuen uns sehr \u00fcber Ihr Interesse an unserem Unternehmen. Das Thema Datenschutz hat f\u00fcr uns im Rahmen unserer Gesch\u00e4ftst\u00e4tigkeit einen besonders hohen Stellenwert.<br \/>Diese Datenschutzerkl\u00e4rung informiert Sie \u00fcber Ihre Rechte, die Art, den Umfang und den Zweck der Verarbeitung von personenbezogenen Daten (nachfolgend kurz \u201eDaten\u201c) in unserem Unternehmen sowie unserem Online-Angebot.<\/p>\n<p><strong>Begriffsbestimmungen<br \/><\/strong>Hinsichtlich der verwendeten Begriffe, wie z.B. \u201eVerarbeitung\u201c, \u201eVerantwortlicher\u201c oder \u201eAuftragsverarbeiter\u201c verweisen wir trotz unserer nachfolgenden Begriffsbestimmungen zus\u00e4tzlich auf die Definitionen insb. im Art. 4 der DS-GVO.<\/p>\n<p>In dieser Datenschutzerkl\u00e4rung und auf unserer Internetseite finden unter anderem folgende Begrifflichkeiten Verwendung:<\/p>\n<p><b>a) Personenbezogene Daten<\/b><br \/>Hierunter sind alle Informationen zu verstehen, die sich auf eine identifizierte oder identifizierbare nat\u00fcrliche Person beziehen. Eine nat\u00fcrliche Person wird als identifizierbar angesehen, wenn sie (direkt oder indirekt) mittels Zuordnung zu Kennungen, wie Name, Kunden- oder Kennnummer, Standortdaten, Online-Kennung (z.B. Cookie) oder besonderen Merkmalen identifiziert werden kann. Besondere Merkmale sind bspw. Angaben zur physischen, physiologischen, genetischen, psychischen, wirtschaftlichen, kulturellen oder sozialen Identit\u00e4t von nat\u00fcrlichen Personen.<\/p>\n<p><b>b) Betroffene Person<\/b><br \/>Eine betroffene Person ist jede identifizierbare oder identifizierte nat\u00fcrliche Person, deren personenbezogene Daten von dem (f\u00fcr die Verarbeitung) Verantwortlichen verarbeitet werden.<\/p>\n<p><b>c) Verarbeitung<\/b><br \/>Verarbeitungst\u00e4tigkeiten k\u00f6nnen sein: Erhebung, Erfassung, Organisation, Ordnen, Speicherung, Anpassung oder Ver\u00e4nderung, Auslesen, Abfragen, Verwendung, Offenlegung durch \u00fcbermittlung, Verbreitung oder eine andere Form der Bereitstellung, Abgleich oder die Verkn\u00fcpfung, Einschr\u00e4nkung, L\u00f6schen oder Vernichtung. Eine Verarbeitung ist jeder (mit oder ohne Einsatz automatisierter Verfahren durchgef\u00fchrte) Vorgang bzw. jede solche Vorgangsreihe im Zusammenhang mit personenbezogenen Daten.<\/p>\n<p><b>d) Einschr\u00e4nkung der Verarbeitung<\/b><br \/>Bei einer Einschr\u00e4nkung der Verarbeitung werden personenbezogene Daten mit dem Ziel markiert, eine k\u00fcnftige Verarbeitung einzuschr\u00e4nken. Die Markierung ist insb. dann sinnvoll, wenn eine L\u00f6schung der Daten aufgrund gesetzlicher Pflichten (z.B. Aufbewahrungsfristen) nicht m\u00f6glich ist.<\/p>\n<p><b>e) Profiling<\/b><br \/>Der Begriff Profiling beschreibt eine automatisierte Verarbeitung personenbezogener Daten, die darin besteht, dass personenbezogenen Daten dazu verwendet werden, bestimmte pers\u00f6nliche Aspekte einer nat\u00fcrlichen Person zu bewerten, zu analysieren oder bspw. Verhalten vorherzusagen. Aspekte sind bspw. Arbeitsleistung, wirtschaftliche Lage, Gesundheit, pers\u00f6nliche Vorlieben, Interessen, Zuverl\u00e4ssigkeit, Verhalten, Aufenthaltsorte oder Ortswechsel.<\/p>\n<p><b>f) Pseudonymisierung<\/b><br \/>Durch Pseudonymisierung werden personenbezogener Daten anonymisiert verarbeitet, so dass diese Daten ohne Hinzuziehung zus\u00e4tzlicher Informationen nicht mehr einer spezifischen betroffenen Person zuzuordnen sind. Sofern geeignete technische und organisatorische Ma\u00dfnahmen die Trennung der jeweiligen Informationen gew\u00e4hrleisten, k\u00f6nnen die personenbezogenen Daten weder einer identifizierten noch einer identifizierbaren nat\u00fcrlichen Person zugewiesen werden.<\/p>\n<p><b>g) Verantwortliche Stelle, Verantwortlicher oder f\u00fcr die Verarbeitung Verantwortlicher<\/b><span>\u00a0<\/span>Verantwortliche Stelle, Verantwortlicher oder f\u00fcr die Verarbeitung Verantwortlicher ist die nat\u00fcrliche oder juristische Person, Beh\u00f6rde, Einrichtung oder andere Stelle, die allein oder gemeinsam mit anderen \u00fcber die Zwecke und Mittel der Verarbeitung von personenbezogenen Daten entscheidet. Sind die Zwecke und Mittel dieser Verarbeitung durch das Unionsrecht oder das Recht der Mitgliedstaaten vorgegeben, so kann der Verantwortliche beziehungsweise k\u00f6nnen die bestimmten Kriterien seiner Benennung nach dem Unionsrecht oder dem Recht der Mitgliedstaaten vorgesehen werden.<\/p>\n<p><b>h) Auftragsverarbeiter<\/b><br \/>Auftragsverarbeiter ist eine nat\u00fcrliche oder juristische Person (bspw. Unternehmen), Beh\u00f6rde, Einrichtung oder andere Stelle, die personenbezogene Daten im Auftrag des Verantwortlichen verarbeitet.<\/p>\n<p><b>i) Empf\u00e4nger<\/b><br \/>Empf\u00e4nger ist eine nat\u00fcrliche oder juristische Person, Beh\u00f6rde, Einrichtung oder andere Stelle, der personenbezogene Daten offengelegt werden (auch Dritte, s.u.). Beh\u00f6rden, die nach dem Unionsrecht oder dem Recht der Mitgliedstaaten personenbezogene Daten erhalten, gelten nicht als Empf\u00e4nger, wenn sie einen Untersuchungsauftrag erf\u00fcllen.<\/p>\n<p><b>j) Dritter<\/b><br \/>Dritter ist eine nat\u00fcrliche oder juristische Person, Beh\u00f6rde, Einrichtung oder andere Stelle au\u00dfer der betroffenen Person, dem Verantwortlichen, dem Auftragsverarbeiter und den Personen, die unter der direkten Verantwortung des Verantwortlichen oder des Auftragsverarbeiters befugt sind, die personenbezogenen Daten zu verarbeiten.<\/p>\n<p><b>k) Einwilligung<\/b><br \/>Eine Einwilligung ist eine von der betroffenen Person freiwillig f\u00fcr einen bestimmten Zweck in informierter Weise und unmissverst\u00e4ndlich abgegebene Willensbekundung in Form einer Erkl\u00e4rung oder einer sonstigen eindeutigen best\u00e4tigenden Handlung, mit der die betroffene Person zu verstehen gibt, dass sie mit der Verarbeitung der sie betreffenden personenbezogenen Daten einverstanden ist.<\/p>\n<p><b>l) Cookies<\/b><br \/>Als \u201eCookies\u201c werden Dateien bezeichnet, die auf den Bildschirmger\u00e4ten der Nutzer vom Browser gespeichert werden. Cookies k\u00f6nnen unterschiedliche Angaben enthalten. Ein Cookie dient prim\u00e4r dazu, Angaben eines Besuchers\/zu einem Besucher (bzw. dem Ger\u00e4t auf dem das Cookie gespeichert ist) w\u00e4hrend oder auch nach seinem Besuch innerhalb eines Online-Angebotes zu speichern. Als \u201eSession-Cookies\u201c werden tempor\u00e4re Cookies bezeichnet. Diese werden gel\u00f6scht, nachdem ein Nutzer ein Online-Angebot verlassen hat und seinen Browser schlie\u00dft. In einem solchen Cookie kann z.B. der Inhalt eines Warenkorbs eines Online-Shops oder ein Login-Status gespeichert werden. Permanente Cookies bleiben hingegen auch nach dem Schlie\u00dfen des Browsers gespeichert. In einem Cookie k\u00f6nnen die Interessen der Besucher gespeichert werden, die f\u00fcr Reichweitenmessung oder Marketingzwecke verwendet werden k\u00f6nnen. Dabei kann es sich auch um Cookies von anderen Anbietern als dem Verantwortlichen, der das Online-Angebot betreibt, handeln.<\/p>\n<h3>Umfang des Auskunftsrechts<\/h3>\n<p>Nach Art. 15 Abs. 1 DS-GVO k\u00f6nnen Sie von uns eine Best\u00e4tigung dar\u00fcber verlangen, ob durch uns Sie betreffende personenbezogene Daten verarbeitet werden. Sofern dies nicht zutrifft oder Daten anonymisiert verarbeitet wurden, erteilen wir Ihnen entsprechend eine Negativauskunft.<\/p>\n<p>Zum anderen k\u00f6nnen Sie als betroffene Person ganz konkret Auskunft dar\u00fcber verlangen, welche personenbezogenen Daten von uns verarbeitet werden (z. B. Name, Vorname, Anschrift, Geburtsdatum, Beruf, Bankverbindung, Konfession, etc.). Hinweis: F\u00fcr Ihre Antragsstellung ben\u00f6tigen wir konkrete Informationen von Ihnen zu welchem Sachverhalt Sie Auskunft w\u00fcnschen. Dar\u00fcber hinaus muss uns eine eindeutige Identifizierung m\u00f6glich sein.<\/p>\n<p>Auf Wunsch teilen wir Ihnen, sofern aus dieser Datenschutzerkl\u00e4rung nicht ersichtlich, gem\u00e4\u00df Art. 15 Abs. 1 DS-GVO gerne folgende Informationen mit:<\/p>\n<ul>\n<li>Verarbeitungszweck<\/li>\n<li>Kategorien der verarbeiteten personenbezogenen Daten<\/li>\n<li>vergangene und zuk\u00fcnftige Empf\u00e4nger bzw. Kategorien von Empf\u00e4ngern<\/li>\n<li>geplante oder festgelegte Speicherdauer<\/li>\n<li>Rechte auf Berichtigung, L\u00f6schung oder Einschr\u00e4nkung der Verarbeitung<\/li>\n<li>Widerspruchsrecht gegen die Daten-Verarbeitung nach Art. 21 DS-GVO<\/li>\n<li>Beschwerderecht f\u00fcr die betroffene Person bei der Aufsichtsbeh\u00f6rde<\/li>\n<li>Herkunft der Daten (soweit diese nicht von\/bei der betroffenen Person selbst erhoben wurden)<\/li>\n<li>das Bestehen einer automatisierten Entscheidungsfindung einschlie\u00dflich Profiling mit aussagekr\u00e4ftigen Informationen \u00fcber die dabei involvierte Logik sowie die Tragweite und die angestrebten Auswirkungen solcher Verfahren.<\/li>\n<li>Daten\u00fcbermittlung in Drittl\u00e4nder und gegebener Garantien gem\u00e4\u00df Art. 46 DS-GVO<\/li>\n<\/ul>\n<p>Kein Auskunftsrecht besteht, wenn die Erteilung der begehrten Informationen gegen eine Verschwiegenheitspflicht versto\u00dfen w\u00fcrde oder die Informationen aus sonstigen Gr\u00fcnden, insbesondere wegen eines \u00fcberwiegenden berechtigten Interesses eines Dritten, geheim gehalten werden m\u00fcssen. Hiervon abweichend kann eine Pflicht zur Erteilung der Auskunft bestehen, wenn insbesondere unter Ber\u00fccksichtigung drohender Sch\u00e4den Ihre Interessen gegen\u00fcber dem Geheimhaltungsinteresse \u00fcberwiegen.<\/p>\n<p>Das Auskunftsrecht ist ferner ausgeschlossen, wenn die Daten nur deshalb gespeichert sind, weil sie aufgrund gesetzlicher oder satzungsm\u00e4\u00dfiger Aufbewahrungsfristen nicht gel\u00f6scht werden d\u00fcrfen oder ausschlie\u00dflich Zwecken der Datensicherung oder der Datenschutzkontrolle dienen, sofern die Auskunftserteilung einen unverh\u00e4ltnism\u00e4\u00dfig hohen Aufwand erfordern w\u00fcrde und die Verarbeitung zu anderen Zwecken durch geeignete technische und organisatorische Ma\u00dfnahmen ausgeschlossen ist.<\/p>\n<h4>Verantwortlicher und Datenschutzbeauftragter<\/h4>\n<p>Vital-Training Maske<br \/>G\u00f6ltzschtalstra\u00dfe 22<br \/>08209 Auerbach\/Vogtland<\/p>\n<p>Telefon:<span>\u00a0<\/span><span>+49 3744 211830<\/span><br \/>E-Mail:<span>\u00a0<\/span><a href=\"mailto:info@vital-training-maske.de\">info@vital-training-maske.de<\/a><br \/>Ansprechpartner: Daniel Maske<\/p>\n<h4>Zweck der Verarbeitung<\/h4>\n<p>Die Verarbeitung von personenbezogenen Daten ist gem. Art. 6 Abs. 1 Satz 1 Buchst. f) DS-GVO gerechtfertigt und erforderlich, um dem Besucher des Online-Angebots dieses samt seiner Funktionen und Inhalte zur Verf\u00fcgung zu stellen (bspw., um einen z\u00fcgigen Seitenaufbau zu gew\u00e4hrleisten, eine nutzerfreundliche Anwendung des Online-Angebots zu erm\u00f6glichen, die Sicherheit und Stabilit\u00e4t der Systeme zu erkennen und zu gew\u00e4hrleisten, die Administration der Webseite zu erleichtern und zu verbessern). Die Verarbeitung erfolgt ausdr\u00fccklich nicht zu dem Zweck, Erkenntnisse \u00fcber die Person des Besuchers der Webseite zu gewinnen. Erst, wenn der Besucher von sich aus Daten von sich preis gibt, erm\u00f6glicht uns die weitere Verarbeitung die Beantwortung von Kontaktanfragen sowie sonstige Kommunikation mit Nutzern. Zum Zwecke der Reichweitenmessung und des Marketings nutzen wir eine Kombination aus allen uns zur Verf\u00fcgung stehenden Daten im gesetzlich erlaubten Rahmen.<\/p>\n<h4>Kategorien personenbezogener Daten und betroffene Personen<\/h4>\n<p>Beim Aufruf unseres Online-Angebots werden durch den Internet-Browser, den der Besucher verwendet, automatisch Daten an den Server unseres Online-Angebots gesendet und zeitlich begrenzt in einer Protokolldatei (Logfile) gespeichert. Bis zur automatischen L\u00f6schung werden nachstehende Daten ohne weitere Eingabe des Besuchers gespeichert.<\/p>\n<h5>Von uns oder Dritten verarbeitete personenbezogene Daten, die der Browser Ihres Endger\u00e4ts \u00fcbermittelt:<\/h5>\n<ul>\n<li>IP-Adresse des Endger\u00e4ts des Besuchers,<\/li>\n<li>Datum und Uhrzeit des Zugriffs durch den Besucher,<\/li>\n<li>Name und URL der vom Besucher aufgerufenen Seite,<\/li>\n<li>Webseite, von der aus der Besucher auf unser Online-Angebot gelangt (sog. Referrer-URL),<\/li>\n<li>Browser und Betriebssystem des Endger\u00e4ts des Besuchers sowie der Name des vom Besucher verwendeten Access-Providers.<\/li>\n<\/ul>\n<h5>Kategorien der von uns oder unseren Auftragsverarbeitern verarbeiteten personenbezogenen Daten:<\/h5>\n<p>\u2013 Adressdaten (z.B. Namen, Anschrift, Plz, Wohnort, ggf. Arbeitsort)<br \/>\u2013 Kontaktdaten (z.B. E-Mail-Adresse(n), Telefonnummer(n))<br \/>\u2013 Inhaltsdaten (z.B. Texteingaben, Fotografien, Bilder, Videos, Dokumente)<br \/>\u2013 Nutzungsdaten (z.B. besuchte Webseiten, Interesse an Inhalten, Zugriffszeiten)<br \/>\u2013 Meta-\/Kommunikationsdaten (z.B. Ger\u00e4te-Informationen, IP-Adressen).<\/p>\n<h5>Kategorien betroffener Personen<\/h5>\n<p>Kunden, Besucher\/G\u00e4ste und sonstige Anwender\/Nutzer des Online-Angebots (Nachfolgend bezeichnen wir die betroffenen Personen zusammenfassend auch als \u201ebetroffene Personen\u201c, \u201eKunden\u201c, \u201eBesucher\u201c oder \u201eNutzer\u201c).<\/p>\n<h5>Auftrags- bzw. gesch\u00e4ftsbezogene Verarbeitung<\/h5>\n<p>Zus\u00e4tzlich verarbeiten wir<br \/>\u2013 Vertragsdaten (z.B. Vertragsgegenstand, Laufzeit, Kundenkategorie).<br \/>\u2013 Zahlungsdaten (z.B. Bankverbindung, Zahlungshistorie)<br \/>von unseren Kunden, Interessenten und Gesch\u00e4ftspartnern zwecks Erbringung vertraglicher Leistungen, Service und Kundenpflege, Marketing, Werbung und Marktforschung.<\/p>\n<h4>Widerrufsrecht einer Einwilligung<\/h4>\n<p>Sie haben das Recht, eine erteilte Einwilligung jederzeit mit Wirkung f\u00fcr die Zukunft zu widerrufen. Der Widerruf der Einwilligung kann telefonisch, per E-Mail oder an unsere Postadresse formlos mitgeteilt werden. Durch den Widerruf wird die Rechtm\u00e4\u00dfigkeit der Datenverarbeitung, die aufgrund der Einwilligung bis zum Eingang des Widerrufs erfolgt ist, nicht ber\u00fchrt. Nach Eingang des Widerrufs wird die Datenverarbeitung, die ausschlie\u00dflich auf Ihrer Einwilligung beruhte, eingestellt.<\/p>\n<h4>Widerspruchsrecht<\/h4>\n<p>Gem\u00e4\u00df Art. 21 DS-GVO k\u00f6nnen Sie der zuk\u00fcnftigen Verarbeitung der Sie betreffenden Daten jederzeit widersprechen. Der Widerspruch kann insbesondere gegen die Verarbeitung f\u00fcr Zwecke der Direktwerbung erfolgen. Sofern die Verarbeitung auf Art. 6 Abs. 1 Satz 1 Buchst. e) DS-GVO (Wahrnehmung einer Aufgabe im \u00f6ffentlichen Interesse oder in Aus\u00fcbung \u00f6ffentlicher Gewalt) oder auf Art. 6 Abs. 1 Satz 1 Buchst. f) DS-GVO (berechtigtes Interesse des Verantwortlichen oder eines Dritten) beruht, haben Sie das Recht, aus Gr\u00fcnden, die sich aus Ihrer besonderen Situation ergeben, jederzeit gegen die Verarbeitung der Sie betreffenden personenbezogenen Daten Widerspruch einzulegen. Das gilt auch f\u00fcr ein auf Art. 6 Abs. 1 Satz 1 Buchst. e) oder Buchst. f) DS-GVO gest\u00fctztes Profiling. Nach Aus\u00fcbung des Widerspruchsrechts verarbeiten wir Ihre personenbezogenen Daten nicht mehr, es sei denn, wir k\u00f6nnen zwingende schutzw\u00fcrdige Gr\u00fcnde f\u00fcr die Verarbeitung nachweisen, die Ihre Interessen, Rechte und Freiheiten \u00fcberwiegen, oder die Verarbeitung dient der Geltendmachung, Aus\u00fcbung oder Verteidigung von Rechtsanspr\u00fcchen.<\/p>\n<h5>Widerspruchsrecht bei Direktwerbung<\/h5>\n<p>Sie k\u00f6nnen jederzeit Widerspruch gegen die Verarbeitung der Sie betreffenden personenbezogenen Daten zu Zwecken der Direktwerbung einlegen. Das gilt auch f\u00fcr ein Profiling, das mit einer solchen Direktwerbung in Verbindung steht. Nach Aus\u00fcbung dieses Widerspruchsrechts werden wir die betreffenden personenbezogenen Daten nicht mehr f\u00fcr Zwecke der Direktwerbung verwenden. Sie haben die M\u00f6glichkeit den Widerspruch telefonisch, per E-Mail, ggf. per Fax oder an unsere in dieser Datenschutzerkl\u00e4rung aufgef\u00fchrte Postadresse unserem Unternehmen formlos mitzuteilen.<\/p>\n<h5>Widerspruchsrecht bei Einsatz von Cookies<\/h5>\n<p>Wir oder von uns beauftragte Dritte k\u00f6nnen tempor\u00e4re und permanente Cookies zu Marketingzwecken einsetzen und kl\u00e4ren hier\u00fcber gem\u00e4\u00df des Art. 13 Abs. 1 TMG beim Aufruf unseres Online-Angebotes und\/oder in dieser Datenschutzerkl\u00e4rung auf. Falls Sie nicht m\u00f6chten, dass Cookies auf Ihrem Endger\u00e4t gespeichert werden, wird darum gebeten die entsprechende Option in den Einstellungen des Browsers zu deaktivieren. Gespeicherte Cookies k\u00f6nnen in den Einstellungen des Browsers gel\u00f6scht werden. Der Ausschluss von Cookies kann jedoch zu Funktionseinschr\u00e4nkungen dieses Online-Angebots f\u00fchren (Schon f\u00fcr viele einfache Funktionen, wie der Darstellung des Navigationsmen\u00fcs, k\u00f6nnen Cookies notwendig sein).<\/p>\n<p>Ein genereller Widerspruch gegen den Einsatz der zu Onlinemarketing-Zwecken eingesetzten Cookies kann bei einer Vielzahl der Dienste erkl\u00e4rt werden (bspw.: http:\/\/www.aboutads.info\/choices\/ oder http:\/\/www.youronlinechoices.com\/). Des Weiteren kann die Speicherung von Cookies in den Einstellungen des Browsers generell deaktiviert werden. Bitte beachten Sie, dass dann gegebenenfalls viele Online-Angebote nicht ohne Einschr\u00e4nkungen genutzt werden k\u00f6nnen.<\/p>\n<h4>Recht auf L\u00f6schung und Einschr\u00e4nkung<\/h4>\n<p>Sie haben gem\u00e4\u00df Art. 17 DS-GVO ein Recht auf L\u00f6schung (\u201eRecht auf Vergessenwerden\u201c), sofern die Verarbeitung nicht zur Aus\u00fcbung des Rechts auf freie Meinungs\u00e4u\u00dferung, des Rechts auf Information oder zur Erf\u00fcllung einer rechtlichen Verpflichtung oder zur Wahrnehmung einer Aufgabe, die im \u00f6ffentlichen Interesse liegt, erforderlich ist und einer der nachstehenden Gr\u00fcnde zutrifft:<\/p>\n<ul>\n<li>Die personenbezogenen Daten sind f\u00fcr die Zwecke, f\u00fcr die sie verarbeitet wurden, nicht mehr notwendig.<\/li>\n<li>Die Rechtfertigungsgrundlage f\u00fcr die Verarbeitung war ausschlie\u00dflich Ihre Einwilligung, welche Sie widerrufen haben.<\/li>\n<li>Sie haben Widerspruch gegen die Verarbeitung Ihrer personenbezogenen Daten eingelegt, die wir \u00f6ffentlich gemacht haben.<\/li>\n<li>Sie haben Widerspruch gegen die Verarbeitung von uns nicht \u00f6ffentlich gemachter personenbezogener Daten eingelegt und es liegen keine vorrangigen berechtigten Gr\u00fcnde f\u00fcr die Verarbeitung vor.<\/li>\n<li>Ihre personenbezogenen Daten wurden unrechtm\u00e4\u00dfig verarbeitet.<\/li>\n<li>Die L\u00f6schung der personenbezogenen Daten ist zur Erf\u00fcllung einer gesetzlichen Verpflichtung, der wir unterliegen, erforderlich.<\/li>\n<\/ul>\n<p>Kein Anspruch auf L\u00f6schung besteht, wenn die L\u00f6schung im Falle rechtm\u00e4\u00dfiger nicht automatisierter Datenverarbeitung wegen der besonderen Art der Speicherung nicht oder nur mit unverh\u00e4ltnism\u00e4\u00dfig hohem Aufwand m\u00f6glich und Ihr Interesse an der L\u00f6schung gering ist. In diesem Fall tritt an die Stelle einer L\u00f6schung die Einschr\u00e4nkung der Verarbeitung gem\u00e4\u00df Art. 18 DS-GVO.<\/p>\n<p>Sie k\u00f6nnen von uns die Einschr\u00e4nkung der Verarbeitung verlangen, wenn einer der nachstehenden Gr\u00fcnde zutrifft:<\/p>\n<ul>\n<li>Sie bestreiten die Richtigkeit der personenbezogenen Daten. Die Einschr\u00e4nkung kann in diesem Fall f\u00fcr die Dauer verlangt werden, die es uns erm\u00f6glicht, die Richtigkeit der Daten zu \u00fcberpr\u00fcfen.<\/li>\n<li>Die Verarbeitung ist unrechtm\u00e4\u00dfig und Sie verlangen statt L\u00f6schung die Einschr\u00e4nkung der Nutzung Ihrer personenbezogenen Daten. Ihre personenbezogenen Daten werden von uns nicht l\u00e4nger f\u00fcr die Zwecke der Verarbeitung ben\u00f6tigt, die Sie jedoch zur Geltendmachung, Aus\u00fcbung oder Verteidigung von Rechtsanspr\u00fcchen ben\u00f6tigen.<\/li>\n<li>Sie haben Widerspruch gem. Art. 21 Abs. 1 DS-GVO eingelegt. Die Einschr\u00e4nkung der Verarbeitung kann solange verlangt werden, wie noch nicht feststeht, ob unsere berechtigten Gr\u00fcnde gegen\u00fcber Ihren Gr\u00fcnden \u00fcberwiegen.<\/li>\n<\/ul>\n<p>Einschr\u00e4nkung der Verarbeitung bedeutet, dass die personenbezogenen Daten nur mit Ihrer Einwilligung oder zur Geltendmachung, Aus\u00fcbung oder Verteidigung von Rechtsan\u00adspr\u00fcchen oder zum Schutz der Rechte einer anderen nat\u00fcrlichen oder juristischen Person oder aus Gr\u00fcnden eines wichtigen \u00f6ffentlichen Interesses verarbeitet werden. Bevor wir die Einschr\u00e4nkung aufheben, haben wir die Pflicht, Sie dar\u00fcber zu unterrichten.<\/p>\n<h4>Recht auf Berichtigung<\/h4>\n<p>Gem\u00e4\u00df Art. 16 DS-GVO haben Sie das Recht, die Vervollst\u00e4ndigung der Sie betreffenden Daten oder die Berichtigung der Sie betreffenden unrichtigen Daten zu verlangen.<\/p>\n<h4>Beschwerde<\/h4>\n<p>Wenn Sie der Ansicht sind, dass die Verarbeitung der Sie betreffenden personenbezogenen Daten rechtswidrig ist, k\u00f6nnen Sie gem. Art. 77 DS-GVO Beschwerde bei einer Aufsichtsbeh\u00f6rde f\u00fcr den Datenschutz einlegen, die f\u00fcr den Ort Ihres Aufenthaltes oder Arbeitsplatzes oder f\u00fcr den Ort des mutma\u00dflichen Versto\u00dfes zust\u00e4ndig ist (i.d.R. Landes\u00e4mter bzw. der\/die Landesbeauftragte f\u00fcr Datenschutz oder vergleichbare Institutionen | Eine Adressliste finden Sie<span>\u00a0<\/span><a href=\"https:\/\/www.top-datenschutz.de\/page\/cms\/44_Aufsichtsbehoerden.html\" target=\"_blank\" rel=\"noopener noreferrer\">hier<\/a>).<\/p>\n<h4>Recht auf Export oder \u00dcbertragung Ihrer Daten<\/h4>\n<p>Sie haben ein Recht auf Daten\u00fcbertragbarkeit, sofern die Verarbeitung auf Ihrer Einwilligung (Art. 6 Abs. 1 Satz 1 Buchst. a) oder Art. 9 Abs. 2 Buchst. a) DS-GVO) oder auf einem Vertrag beruht, dessen Vertragspartei Sie sind und die Verarbeitung mithilfe automatisierter Verfahren erfolgt. Das Recht auf Daten\u00fcbertragbarkeit beinhaltet in diesem Fall folgende Rechte, sofern hierdurch nicht die Rechte und Freiheiten anderer Personen beeintr\u00e4chtigt werden:<\/p>\n<p>Sie k\u00f6nnen von uns verlangen, die personenbezogenen Daten, die Sie uns bereit gestellt haben, in einem strukturierten, g\u00e4ngigen und maschinenlesbaren Format zu erhalten.<\/p>\n<p>Sie haben das Recht, diese Daten einem anderen Verantwortlichen ohne Behinderung unserseits zu \u00fcbermitteln.<\/p>\n<p>Soweit technisch machbar, k\u00f6nnen Sie von uns verlangen, dass wir Ihre personenbezogenen Daten direkt an einen anderen Verantwortlichen \u00fcbermitteln.<\/p>\n<h4>Ma\u00dfgebliche Rechtsgrundlagen<\/h4>\n<p>Gem\u00e4\u00df Art. 13 DS-GVO teilen wir Ihnen die Rechtsgrundlagen unserer Datenverarbeitungen mit. Sofern diese in der Datenschutzerkl\u00e4rung nicht speziell genannt werden, gilt wie folgt:<\/p>\n<p>Soweit wir f\u00fcr Verarbeitungsvorg\u00e4nge personenbezogener Daten eine Einwilligung von Ihnen als betroffene Person einholen, dienen Art. 6 Abs. 1 lit. a und Art. 7 DS-GVO als Rechtsgrundlage f\u00fcr die Verarbeitung personenbezogener Daten.<\/p>\n<p>Bei der Verarbeitung von personenbezogenen Daten, die zur Erf\u00fcllung eines Vertrages, dessen Vertragspartei die betroffene Person ist, erforderlich ist, dient Art. 6 Abs. 1 lit. b DS-GVO als Rechtsgrundlage. Dies gilt auch f\u00fcr Verarbeitungsvorg\u00e4nge, die zur Durchf\u00fchrung vorvertraglicher Ma\u00dfnahmen erforderlich sind.<\/p>\n<p>Soweit eine Verarbeitung personenbezogener Daten zur Erf\u00fcllung einer rechtlichen Verpflichtung erforderlich ist, der unser Unternehmen unterliegt, dient Art. 6 Abs. 1 lit. c DS-GVO als Rechtsgrundlage.<\/p>\n<p>F\u00fcr den Fall, dass lebenswichtige Interessen der betroffenen Person oder einer anderen nat\u00fcrlichen Person eine Verarbeitung personenbezogener Daten erforderlich machen, dient Art. 6 Abs. 1 lit. d DS-GVO als Rechtsgrundlage.<\/p>\n<p>Ist die Verarbeitung zur Wahrung eines berechtigten Interesses unseres Unternehmens oder eines Dritten erforderlich und \u00fcberwiegen die Interessen, Grundrechte und Grundfreiheiten des Betroffenen das erstgenannte Interesse nicht, so dient Art. 6 Abs. 1 lit. f DS-GVO als Rechtsgrundlage f\u00fcr die Verarbeitung.<\/p>\n<p>Die Rechtsgrundlagen f\u00fcr<\/p>\n<ul>\n<li>die Verarbeitung von Daten von Auftragsverarbeitern auf Grundlage eines sog. \u201eVertrages zur Auftragsverarbeitung\u201c geschieht auf Grundlage des Art. 28 DS-GVO<\/li>\n<li>die L\u00f6schung von Daten sind Art. 17 und 18 DS-GVO<\/li>\n<li>Ihr Recht auf Auskunft Art. 15 Abs. 1 DS-GVO<\/li>\n<li>eine Verarbeitung in einem Drittland erfolgt z.B. auf Grundlage besonderer Garantien, wie der offiziell anerkannten Feststellung eines der EU entsprechenden Datenschutzniveaus oder unter Beachtung offiziell anerkannter spezieller vertraglicher Verpflichtungen gem. Art. 44 ff. DS-GVO<\/li>\n<\/ul>\n<h4>Unsere Erkl\u00e4rung zur Speicherdauer und L\u00f6schung<\/h4>\n<p>Wir verarbeiten und speichern personenbezogene Daten von Ihnen als betroffene Person nur f\u00fcr den Zeitraum, der zur Erreichung des Zwecks erforderlich ist oder sofern dies in Gesetzen, Richtlinien, Verordnungen oder Vorschriften, welchen der f\u00fcr die Verarbeitung Verantwortliche unterliegt, vorgesehen wurde.<\/p>\n<p>Entf\u00e4llt der Zweck oder l\u00e4uft eine vorgeschriebene Speicherfrist (z.B. vom Europ\u00e4ischen Richtlinien- und Verordnungsgeber oder einem anderen zust\u00e4ndigen Gesetzgeber) ab, werden die personenbezogenen Daten routinem\u00e4\u00dfig und entsprechend den gesetzlichen Vorschriften gel\u00f6scht oder zumindest gesperrt.<\/p>\n<h4>Datenschutz bei Bewerbungen und im Bewerbungsverfahren<\/h4>\n<p>Wir verarbeiten die personenbezogenen Daten von Bewerbern zum Zweck der Abwicklung des Bewerbungsverfahrens. Die Verarbeitung kann sowohl postalisch als auch auf elektronischem Wege (bspw. per E-Mail) erfolgen, wenn uns ein Bewerber Informationen \u00fcbermittelt. Schlie\u00dft der f\u00fcr die Verarbeitung Verantwortliche einen Anstellungsvertrag mit einem Bewerber, werden die \u00fcbermittelten Daten zum Zwecke der Abwicklung des Besch\u00e4ftigungsverh\u00e4ltnisses unter Beachtung der gesetzlichen Vorschriften gespeichert. Wird von dem f\u00fcr die Verarbeitung Verantwortlichen kein Anstellungsvertrag mit dem Bewerber geschlossen, so werden die elektronisch zugesandten Bewerbungsunterlagen sp\u00e4testens sechs Monate nach Bekanntgabe der Absageentscheidung automatisch gel\u00f6scht, sofern einer L\u00f6schung keine sonstigen berechtigten Interessen des f\u00fcr die Verarbeitung Verantwortlichen entgegenstehen. Sonstiges berechtigtes Interesse in diesem Sinne ist beispielsweise eine Beweispflicht in einem Verfahren nach dem Allgemeinen Gleichbehandlungsgesetz (AGG).<br \/>Postalisch eingesandte Bewerbungen werden sp\u00e4testens 6 Monate nach Bekanntgabe der Absageentscheidung vernichtet oder auf besonderen Wunsch an den Bewerber zur\u00fcckgesandt.<\/p>\n<h4>Daten-Empf\u00e4nger<\/h4>\n<p>Online-Formulare: Sofern diese aus organisatorischen Gr\u00fcnden nicht direkt an die interne Stelle in unserem Unternehmen adressiert werden, leiten mit Kundenkommunikation betraute Mitarbeiter unserem Unternehmen Anfragen oder sonstige Nachrichten, die bspw. per Online-Formular oder E-Mail bei uns eingehen, an die entsprechenden internen Stellen, die f\u00fcr die Verarbeitung der jeweiligen Anfrage zust\u00e4ndig sind, weiter.<\/p>\n<p>Empf\u00e4nger der beim Aufruf unseres Online-Angebots gespeicherten Zugriffs-Daten k\u00f6nnen der Webhosting-Anbieter, der Homepage-Administrator oder sonstige bzgl. der Homepage Verantwortliche im Unternehmen sein, sofern die Daten nicht im Vorfeld automatisch gel\u00f6scht oder anonymisiert wurden.<\/p>\n<p>Dar\u00fcber hinaus k\u00f6nnen personenbezogene Daten auch an Dritte \u00fcbermittelt werden:<\/p>\n<h5>Zusammenarbeit mit Auftragsverarbeitern und Dritten<\/h5>\n<p>Personenbezogene Daten werden an Dritte \u00fcbermittelt, wenn nach Art. 6 Abs. 1 Satz 1 Buchst. a) DS-GVO durch die betroffene Person ausdr\u00fccklich dazu eingewilligt wurde, die Weitergabe nach Art. 6 Abs. 1 Satz 1 Buchst. f) DS-GVO zur Geltendmachung, Aus\u00fcbung oder Verteidigung von Rechtsanspr\u00fcchen erforderlich ist und kein Grund zur Annahme besteht, dass die betroffene Person ein \u00fcberwiegendes schutzw\u00fcrdiges Interesse an der Nichtweitergabe ihrer Daten hat, f\u00fcr die Daten\u00fcbermittlung nach Art. 6 Abs. 1 Satz 1 Buchst. c) DS-GVO eine gesetzliche Verpflichtung besteht, und\/oder dies nach Art. 6 Abs. 1 Satz 1 Buchst. b) DS-GVO f\u00fcr die Erf\u00fcllung eines Vertragsverh\u00e4ltnisses mit der betroffenen Person oder im Rahmen unseres berechtigten Interesses erforderlich ist. Durch die Einbindung Dienste Dritter werden zumindest die vom Browser gesendeten Informationen an diese \u00fcbermittelt (s.u.). In anderen F\u00e4llen werden personenbezogene Daten nicht an Dritte weitergegeben.<\/p>\n<h4>Hosting<\/h4>\n<p>Die von uns in Anspruch genommene Hosting-Leistung dient der Zurverf\u00fcgungstellung der folgenden Leistungen: Infrastruktur- und Plattformdienstleistungen, Rechenkapazit\u00e4t, Speicherplatz und Datenbankdienste, Sicherheitsleistungen sowie technische Wartungsleistungen, die wir zum Zwecke des Betriebs dieses Online-Angebots einsetzen.<br \/>Das Hosting und die mit dem Hosting direkt verbundene Verarbeitung von personenbezogenen Daten erfolgt ausschlie\u00dflich in Rechenzentren, die sich im Geltungsbereich der EU Datenschutz-Grundverordnung 2016\/679 befinden, soweit in dieser Erkl\u00e4rung nicht etwas anderes angegeben wurde.<br \/>Hierbei verarbeiten wir, bzw. unser Hostinganbieter Bestandsdaten, Kontaktdaten, Inhaltsdaten, Vertragsdaten, Nutzungsdaten, Meta- und Kommunikationsdaten von Kunden, Interessenten und Besuchern dieses Onlineangebotes auf Grundlage unserer berechtigten Interessen an einer effizienten und sicheren Zurverf\u00fcgungstellung dieses Onlineangebotes gem. Art. 6 Abs. 1 lit. f DS-GVO i.V.m. Art. 28 DS-GVO (Abschluss Auftragsverarbeitungsvertrag).<\/p>\n<h4>Datensicherheit<\/h4>\n<p>Alle von Ihnen pers\u00f6nlich \u00fcbermittelten personenbezogenen Daten (z.B. per Online-Formular) werden mit allgemein gebr\u00e4uchlichen Verschl\u00fcsselungsstandards an uns \u00fcbertragen.<\/p>\n<h4>Einbindung von Diensten und Inhalten Dritter<\/h4>\n<p>Auf Grundlage unserer berechtigten Interessen (d.h. Interesse an Analyse, Optimierung sowie \u00f6konomischen Betrieb unseres Online-Angebots i.S.d. Art. 6 Abs. 1 lit. f. DS-GVO) implementieren wir teils \u201eglobal\u201c (\u00fcber alle Bereiche unseres Online-Angebots), teils nur an einigen Stellen unserer Online-Angebote Scripte\/Produkte von Drittanbietern, um deren Inhalte und Services, wie bspw. Schriftarten, Videos oder Karten einzubinden (nachfolgend als Inhalte bezeichnet).<\/p>\n<p>Dabei erh\u00e4lt der jeweilige Drittanbieter zumindest die IP-Adresse des Nutzers unseres Online-Angebots mitgeteilt. Die IP-Adresse ist i.d.R. technisch f\u00fcr die korrekte Darstellung von Inhalten erforderlich und wir bem\u00fchen uns nur solche Inhalte von Dritten einzubinden, die die IP-Adresse lediglich zur Bereitstellung der Inhalte verarbeiten. Wir k\u00f6nnen jedoch nicht ausschlie\u00dfen, dass Drittanbieter zu Marketing-, Marktforschungs- oder f\u00fcr statistische Zwecke die Nutzerdaten, die der Browser der Webseitenbesucher \u00fcbermittelt, verarbeiten. Die i.d.R. anonymisierten bzw. pseudonymisierten Informationen k\u00f6nnen ferner in Cookies auf dem Ger\u00e4t der Nutzer gespeichert werden und unter anderem technische Informationen zum Browser und Betriebssystem, verweisende Online-Angebote, Besuchszeiten sowie weitere Angaben zur Nutzung unseres Online-Angebotes enthalten, als auch mit Informationen aus anderen Quellen zusammengef\u00fchrt werden.<\/p>\n<h4>Online-Formulare<\/h4>\n<p>Besucher k\u00f6nnen \u00fcber Online-Formulare (bspw. Kontaktformular, Bestellformular, Reservierungsformular, Buchungsformular, Terminkalender, o.\u00e4.) auf der Webseite Nachrichten an den Verantwortlichen oder seine Mitarbeiter \u00fcbermitteln. Um eine Antwort empfangen zu k\u00f6nnen, ist zumindest die Angabe einer g\u00fcltigen E-Mail-Adresse erforderlich. Alle weiteren Angaben kann die anfragende Person freiwillig geben, sofern im jeweiligen Formular nichts abweichendes vermerkt ist. Generell erheben wir nur die Daten, die wir zur reibungslosen Abwicklung oder Beantwortung einer Anfrage ben\u00f6tigen. Mit Absenden der Nachricht \u00fcber ein Online-Formular willigt der Besucher in die Verarbeitung der \u00fcbermittelten personenbezogenen Daten ein. Die Datenverarbeitung erfolgt ausschlie\u00dflich zu dem Zweck der Abwicklung und Beantwortung von Anfragen \u00fcber das Online-Formular. Dies geschieht auf Basis der freiwillig erteilten Einwilligung gem. Art.\u00a06 Abs.\u00a01 Satz\u00a01 Buchst.\u00a0a) DS-GVO. Die f\u00fcr die Benutzung des Online-Formulars erhobenen personenbezogenen Daten werden automatisch gel\u00f6scht, sobald die Anfrage erledigt ist und keine Gr\u00fcnde f\u00fcr eine weitere Aufbewahrung gegeben sind.<\/p>\n<h4>Profiling<\/h4>\n<p>Profiling findet durch uns standardm\u00e4\u00dfig nicht statt. Profiling kann jedoch dann stattfinden, wenn wir Google Analytics in Verbindung mit Google Adwords einsetzen. In diesen F\u00e4llen weisen wir beim ersten Aufruf unserer Webseite darauf hin und holen Ihr Einverst\u00e4ndnis ein.<\/p>\n<h4>Stand der Datenschutzerkl\u00e4rung<\/h4>\n<p>Diese Datenschutzerkl\u00e4rung hat den Stand vom 31. Mai 2018. Wir behalten uns vor, die Datenschutzerkl\u00e4rung zu gegebener Zeit zu aktualisieren, um den Datenschutz zu verbessern und\/oder an ge\u00e4nderte Beh\u00f6rdenpraxis oder Rechtsprechung anzupassen. Diese Datenschutzerkl\u00e4rung von wurde juristisch gepr\u00fcft.<\/p>\n<\/div>\n<\/div>\n<p>[\/et_pb_text][\/et_pb_column][\/et_pb_row][\/et_pb_section]<\/p>\n","protected":false},"excerpt":{"rendered":"<p>[et_pb_section fb_built=&#8220;1&#8243; _builder_version=&#8220;4.9.4&#8243; _module_preset=&#8220;default&#8220;][et_pb_row _builder_version=&#8220;4.9.4&#8243; _module_preset=&#8220;default&#8220;][et_pb_column _builder_version=&#8220;4.9.4&#8243; _module_preset=&#8220;default&#8220; type=&#8220;4_4&#8243;][et_pb_text _builder_version=&#8220;4.9.4&#8243; _module_preset=&#8220;default&#8220; hover_enabled=&#8220;0&#8243; sticky_enabled=&#8220;0&#8243; header_text_color=&#8220;#89B31C&#8220;] Datenschutz [\/et_pb_text][\/et_pb_column][\/et_pb_row][et_pb_row _builder_version=&#8220;4.9.4&#8243; _module_preset=&#8220;default&#8220;][et_pb_column _builder_version=&#8220;4.9.4&#8243; _module_preset=&#8220;default&#8220; type=&#8220;4_4&#8243;][et_pb_text _builder_version=&#8220;4.9.4&#8243; _module_preset=&#8220;default&#8220; hover_enabled=&#8220;0&#8243; sticky_enabled=&#8220;0&#8243;] Datenschutzerkl\u00e4rung Wir freuen uns sehr \u00fcber Ihr Interesse an unserem Unternehmen. Das Thema Datenschutz hat f\u00fcr uns im Rahmen unserer Gesch\u00e4ftst\u00e4tigkeit einen besonders hohen Stellenwert.Diese Datenschutzerkl\u00e4rung informiert Sie \u00fcber Ihre [&hellip;]<\/p>\n","protected":false},"author":1,"featured_media":0,"parent":0,"menu_order":0,"comment_status":"closed","ping_status":"closed","template":"","meta":{"_et_pb_use_builder":"on","_et_pb_old_content":"","_et_gb_content_width":"","footnotes":""},"yoast_head":"<!-- This site is optimized with the Yoast SEO plugin v22.3 - https:\/\/yoast.com\/wordpress\/plugins\/seo\/ -->\n<title>Datenschutz - Vital-Training Maske<\/title>\n<meta name=\"robots\" content=\"index, follow, max-snippet:-1, max-image-preview:large, max-video-preview:-1\" \/>\n<link rel=\"canonical\" href=\"https:\/\/vital-training-maske.de\/index.php\/datenschutz\/\" \/>\n<meta property=\"og:locale\" content=\"de_DE\" \/>\n<meta property=\"og:type\" content=\"article\" \/>\n<meta property=\"og:title\" content=\"Datenschutz - Vital-Training Maske\" \/>\n<meta property=\"og:description\" content=\"[et_pb_section fb_built=&#8220;1&#8243; _builder_version=&#8220;4.9.4&#8243; _module_preset=&#8220;default&#8220;][et_pb_row _builder_version=&#8220;4.9.4&#8243; _module_preset=&#8220;default&#8220;][et_pb_column _builder_version=&#8220;4.9.4&#8243; _module_preset=&#8220;default&#8220; type=&#8220;4_4&#8243;][et_pb_text _builder_version=&#8220;4.9.4&#8243; _module_preset=&#8220;default&#8220; hover_enabled=&#8220;0&#8243; sticky_enabled=&#8220;0&#8243; header_text_color=&#8220;#89B31C&#8220;] Datenschutz [\/et_pb_text][\/et_pb_column][\/et_pb_row][et_pb_row _builder_version=&#8220;4.9.4&#8243; _module_preset=&#8220;default&#8220;][et_pb_column _builder_version=&#8220;4.9.4&#8243; _module_preset=&#8220;default&#8220; type=&#8220;4_4&#8243;][et_pb_text _builder_version=&#8220;4.9.4&#8243; _module_preset=&#8220;default&#8220; hover_enabled=&#8220;0&#8243; sticky_enabled=&#8220;0&#8243;] Datenschutzerkl\u00e4rung Wir freuen uns sehr \u00fcber Ihr Interesse an unserem Unternehmen. Das Thema Datenschutz hat f\u00fcr uns im Rahmen unserer Gesch\u00e4ftst\u00e4tigkeit einen besonders hohen Stellenwert.Diese Datenschutzerkl\u00e4rung informiert Sie \u00fcber Ihre [&hellip;]\" \/>\n<meta property=\"og:url\" content=\"https:\/\/vital-training-maske.de\/index.php\/datenschutz\/\" \/>\n<meta property=\"og:site_name\" content=\"Vital-Training Maske\" \/>\n<meta name=\"twitter:card\" content=\"summary_large_image\" \/>\n<script type=\"application\/ld+json\" class=\"yoast-schema-graph\">{\"@context\":\"https:\/\/schema.org\",\"@graph\":[{\"@type\":\"WebPage\",\"@id\":\"https:\/\/vital-training-maske.de\/index.php\/datenschutz\/\",\"url\":\"https:\/\/vital-training-maske.de\/index.php\/datenschutz\/\",\"name\":\"Datenschutz - Vital-Training Maske\",\"isPartOf\":{\"@id\":\"https:\/\/vital-training-maske.de\/#website\"},\"datePublished\":\"2021-06-06T16:52:13+00:00\",\"dateModified\":\"2021-06-06T16:52:13+00:00\",\"breadcrumb\":{\"@id\":\"https:\/\/vital-training-maske.de\/index.php\/datenschutz\/#breadcrumb\"},\"inLanguage\":\"de\",\"potentialAction\":[{\"@type\":\"ReadAction\",\"target\":[\"https:\/\/vital-training-maske.de\/index.php\/datenschutz\/\"]}]},{\"@type\":\"BreadcrumbList\",\"@id\":\"https:\/\/vital-training-maske.de\/index.php\/datenschutz\/#breadcrumb\",\"itemListElement\":[{\"@type\":\"ListItem\",\"position\":1,\"name\":\"Startseite\",\"item\":\"https:\/\/vital-training-maske.de\/\"},{\"@type\":\"ListItem\",\"position\":2,\"name\":\"Datenschutz\"}]},{\"@type\":\"WebSite\",\"@id\":\"https:\/\/vital-training-maske.de\/#website\",\"url\":\"https:\/\/vital-training-maske.de\/\",\"name\":\"Vital-Training Maske\",\"description\":\"Ihr zuverl\u00e4ssiger Partner in Sachen Physiotherapie, Gesundheitstraining und Rehabilitationssport. In Aucherbach\/ Vogtland\",\"potentialAction\":[{\"@type\":\"SearchAction\",\"target\":{\"@type\":\"EntryPoint\",\"urlTemplate\":\"https:\/\/vital-training-maske.de\/?s={search_term_string}\"},\"query-input\":\"required name=search_term_string\"}],\"inLanguage\":\"de\"}]}<\/script>\n<!-- \/ Yoast SEO plugin. -->","yoast_head_json":{"title":"Datenschutz - Vital-Training Maske","robots":{"index":"index","follow":"follow","max-snippet":"max-snippet:-1","max-image-preview":"max-image-preview:large","max-video-preview":"max-video-preview:-1"},"canonical":"https:\/\/vital-training-maske.de\/index.php\/datenschutz\/","og_locale":"de_DE","og_type":"article","og_title":"Datenschutz - Vital-Training Maske","og_description":"[et_pb_section fb_built=&#8220;1&#8243; _builder_version=&#8220;4.9.4&#8243; _module_preset=&#8220;default&#8220;][et_pb_row _builder_version=&#8220;4.9.4&#8243; _module_preset=&#8220;default&#8220;][et_pb_column _builder_version=&#8220;4.9.4&#8243; _module_preset=&#8220;default&#8220; type=&#8220;4_4&#8243;][et_pb_text _builder_version=&#8220;4.9.4&#8243; _module_preset=&#8220;default&#8220; hover_enabled=&#8220;0&#8243; sticky_enabled=&#8220;0&#8243; header_text_color=&#8220;#89B31C&#8220;] Datenschutz [\/et_pb_text][\/et_pb_column][\/et_pb_row][et_pb_row _builder_version=&#8220;4.9.4&#8243; _module_preset=&#8220;default&#8220;][et_pb_column _builder_version=&#8220;4.9.4&#8243; _module_preset=&#8220;default&#8220; type=&#8220;4_4&#8243;][et_pb_text _builder_version=&#8220;4.9.4&#8243; _module_preset=&#8220;default&#8220; hover_enabled=&#8220;0&#8243; sticky_enabled=&#8220;0&#8243;] Datenschutzerkl\u00e4rung Wir freuen uns sehr \u00fcber Ihr Interesse an unserem Unternehmen. Das Thema Datenschutz hat f\u00fcr uns im Rahmen unserer Gesch\u00e4ftst\u00e4tigkeit einen besonders hohen Stellenwert.Diese Datenschutzerkl\u00e4rung informiert Sie \u00fcber Ihre [&hellip;]","og_url":"https:\/\/vital-training-maske.de\/index.php\/datenschutz\/","og_site_name":"Vital-Training Maske","twitter_card":"summary_large_image","schema":{"@context":"https:\/\/schema.org","@graph":[{"@type":"WebPage","@id":"https:\/\/vital-training-maske.de\/index.php\/datenschutz\/","url":"https:\/\/vital-training-maske.de\/index.php\/datenschutz\/","name":"Datenschutz - Vital-Training Maske","isPartOf":{"@id":"https:\/\/vital-training-maske.de\/#website"},"datePublished":"2021-06-06T16:52:13+00:00","dateModified":"2021-06-06T16:52:13+00:00","breadcrumb":{"@id":"https:\/\/vital-training-maske.de\/index.php\/datenschutz\/#breadcrumb"},"inLanguage":"de","potentialAction":[{"@type":"ReadAction","target":["https:\/\/vital-training-maske.de\/index.php\/datenschutz\/"]}]},{"@type":"BreadcrumbList","@id":"https:\/\/vital-training-maske.de\/index.php\/datenschutz\/#breadcrumb","itemListElement":[{"@type":"ListItem","position":1,"name":"Startseite","item":"https:\/\/vital-training-maske.de\/"},{"@type":"ListItem","position":2,"name":"Datenschutz"}]},{"@type":"WebSite","@id":"https:\/\/vital-training-maske.de\/#website","url":"https:\/\/vital-training-maske.de\/","name":"Vital-Training Maske","description":"Ihr zuverl\u00e4ssiger Partner in Sachen Physiotherapie, Gesundheitstraining und Rehabilitationssport. In Aucherbach\/ Vogtland","potentialAction":[{"@type":"SearchAction","target":{"@type":"EntryPoint","urlTemplate":"https:\/\/vital-training-maske.de\/?s={search_term_string}"},"query-input":"required name=search_term_string"}],"inLanguage":"de"}]}},"_links":{"self":[{"href":"https:\/\/vital-training-maske.de\/index.php\/wp-json\/wp\/v2\/pages\/231"}],"collection":[{"href":"https:\/\/vital-training-maske.de\/index.php\/wp-json\/wp\/v2\/pages"}],"about":[{"href":"https:\/\/vital-training-maske.de\/index.php\/wp-json\/wp\/v2\/types\/page"}],"author":[{"embeddable":true,"href":"https:\/\/vital-training-maske.de\/index.php\/wp-json\/wp\/v2\/users\/1"}],"replies":[{"embeddable":true,"href":"https:\/\/vital-training-maske.de\/index.php\/wp-json\/wp\/v2\/comments?post=231"}],"version-history":[{"count":2,"href":"https:\/\/vital-training-maske.de\/index.php\/wp-json\/wp\/v2\/pages\/231\/revisions"}],"predecessor-version":[{"id":234,"href":"https:\/\/vital-training-maske.de\/index.php\/wp-json\/wp\/v2\/pages\/231\/revisions\/234"}],"wp:attachment":[{"href":"https:\/\/vital-training-maske.de\/index.php\/wp-json\/wp\/v2\/media?parent=231"}],"curies":[{"name":"wp","href":"https:\/\/api.w.org\/{rel}","templated":true}]}}